{"id":21,"date":"2020-04-21T01:06:22","date_gmt":"2020-04-20T23:06:22","guid":{"rendered":"https:\/\/martineroffinella.fr\/creations\/?page_id=21"},"modified":"2026-02-27T11:21:16","modified_gmt":"2026-02-27T10:21:16","slug":"dans-la-presse","status":"publish","type":"page","link":"https:\/\/martineroffinella.fr\/creations\/dans-la-presse\/","title":{"rendered":"M\u00e9dias"},"content":{"rendered":"\n<div class=\"wp-block-columns is-layout-flex wp-container-core-columns-is-layout-9d6595d7 wp-block-columns-is-layout-flex\">\n<div class=\"wp-block-column is-layout-flow wp-block-column-is-layout-flow\">\n<h2 class=\"wp-block-heading has-custom-color-2-color has-text-color\"><span class=\"tadv-background-color\" style=\"background-color:#ad2e72\"><span class=\"tadv-color\" style=\"color:#ededdc\"> <\/span><\/span><span class=\"tadv-background-color\" style=\"background-color:#bf1c58\"><span class=\"tadv-color\" style=\"color:#ededdc\">Presse-Livres<\/span> <\/span><\/h2>\n\n\n\n<p class=\"has-medium-font-size\"><span class=\"tadv-color\" style=\"color:#ededdc\"><em><span class=\"tadv-background-color\" style=\"background-color:#bf1c58\">papier ou num\u00e9rique, radio, tv<\/span><\/em><\/span><\/p>\n\n\n\n<div style=\"height:50px\" aria-hidden=\"true\" class=\"wp-block-spacer\"><\/div>\n\n\n\n<p><strong>Var Matin, 6 janvier 2025 :<\/strong><br \/><a href=\"https:\/\/martineroffinella.fr\/creations\/wp-content\/uploads\/2025\/01\/Martine-Roffinella-6-janvier-2025-VarMatin.png\"><img loading=\"lazy\" decoding=\"async\" class=\"aligncenter size-full wp-image-2155\" src=\"https:\/\/martineroffinella.fr\/creations\/wp-content\/uploads\/2025\/01\/Martine-Roffinella-6-janvier-2025-VarMatin.png\" alt=\"\" width=\"1166\" height=\"960\" srcset=\"https:\/\/martineroffinella.fr\/creations\/wp-content\/uploads\/2025\/01\/Martine-Roffinella-6-janvier-2025-VarMatin.png 1166w, https:\/\/martineroffinella.fr\/creations\/wp-content\/uploads\/2025\/01\/Martine-Roffinella-6-janvier-2025-VarMatin-300x247.png 300w, https:\/\/martineroffinella.fr\/creations\/wp-content\/uploads\/2025\/01\/Martine-Roffinella-6-janvier-2025-VarMatin-1024x843.png 1024w, https:\/\/martineroffinella.fr\/creations\/wp-content\/uploads\/2025\/01\/Martine-Roffinella-6-janvier-2025-VarMatin-768x632.png 768w\" sizes=\"auto, (max-width: 1166px) 100vw, 1166px\" \/><\/a><\/p>\n<hr \/>\n<p><strong>Le Courrier, novembre 2024 :<\/strong><a href=\"https:\/\/martineroffinella.fr\/creations\/wp-content\/uploads\/2025\/01\/LeCourrierNov24.png\"><img loading=\"lazy\" decoding=\"async\" class=\"aligncenter size-full wp-image-2156\" src=\"https:\/\/martineroffinella.fr\/creations\/wp-content\/uploads\/2025\/01\/LeCourrierNov24.png\" alt=\"\" width=\"513\" height=\"763\" srcset=\"https:\/\/martineroffinella.fr\/creations\/wp-content\/uploads\/2025\/01\/LeCourrierNov24.png 513w, https:\/\/martineroffinella.fr\/creations\/wp-content\/uploads\/2025\/01\/LeCourrierNov24-202x300.png 202w\" sizes=\"auto, (max-width: 513px) 100vw, 513px\" \/><\/a><\/p>\n<hr \/>\n<p><strong>Slate, \u00e0 propos de <em>Venise Off<\/em> \/ 9 d\u00e9cembre 2024 :<br \/><\/strong><a href=\"https:\/\/www.slate.fr\/culture\/romans-fin-2024-cadeaux-sally-rooney-goncourt-lyceens-lanark-safranko-darnielle-mountain-goats-intermezzo\" target=\"_blank\" rel=\"noopener\"><span style=\"color: #bf1c58;\">https:\/\/www.slate.fr\/culture\/romans-fin-2024-cadeaux<\/span><\/a><\/p>\n<hr \/>\n<p><strong>Komitid, \u00e0 propos de <em>Venise Off<\/em> \/ 11 novembre 2024 :<\/strong><\/p>\n<p>https:\/\/www.komitid.fr\/2024\/11\/11\/quatre-romans-lgbt-a-lire-cet-automne\/<\/p>\n<hr \/>\n<p><strong>Cit\u00e9e dans Femmes m\u00e9morables, livre collectif sur l&rsquo;audace f\u00e9minine \/ Sorti en novembre 2023 :<\/strong><br \/><a href=\"https:\/\/www.google.fr\/books\/edition\/Femmes_m%C3%A9morables\/HyfdEAAAQBAJ?hl=fr&amp;gbpv=1&amp;dq=femmes+m%C3%A9morables&amp;printsec=frontcover\" target=\"_blank\" rel=\"noopener\"><img loading=\"lazy\" decoding=\"async\" class=\"aligncenter wp-image-2074 size-full\" src=\"https:\/\/martineroffinella.fr\/creations\/wp-content\/uploads\/2023\/11\/Femmes-memorables.png\" alt=\"\" width=\"640\" height=\"383\" srcset=\"https:\/\/martineroffinella.fr\/creations\/wp-content\/uploads\/2023\/11\/Femmes-memorables.png 640w, https:\/\/martineroffinella.fr\/creations\/wp-content\/uploads\/2023\/11\/Femmes-memorables-300x180.png 300w\" sizes=\"auto, (max-width: 640px) 100vw, 640px\" \/><\/a><\/p>\n<hr \/>\n<p><strong>Val\u00e9rie Trierweiler \/ Les Cent Plumes n\u00b0 3 \/ 14 d\u00e9cembre 2022<\/strong> <strong>:<\/strong><br \/><span style=\"color: #993366;\"><a style=\"color: #993366;\" href=\"https:\/\/bit.ly\/3FZOZdl\" target=\"_blank\" rel=\"noreferrer noopener\">\u00c0 la page Les Clo\u00eetr\u00e9s d&rsquo;Aurillac<\/a><\/span><\/p>\n<hr \/>\n<p><strong>Les Cent Plumes \/ Janvier 2023 :<\/strong><br \/><span style=\"color: #993366;\"><a style=\"color: #993366;\" href=\"https:\/\/www.lescentplumes.fr\/numero-4-janvier-2023\/articles\/dans-loeil-de-3\/\"><span style=\"color: #9e2c54;\">DANS L\u0152IL DE&#8230; Martine Roffinella<\/span><\/a><\/span><\/p>\n<hr \/>\n<p><strong>Revue Mettray \/ Septembre 2022 :<br \/><a href=\"https:\/\/martineroffinella.fr\/creations\/wp-content\/uploads\/2022\/09\/Mettray-septembre2022.jpeg\" target=\"_blank\" rel=\"noopener\"><img loading=\"lazy\" decoding=\"async\" class=\"aligncenter wp-image-1792 size-full\" src=\"https:\/\/martineroffinella.fr\/creations\/wp-content\/uploads\/2022\/09\/Mettray-septembre2022.jpeg\" alt=\"\" width=\"640\" height=\"480\" srcset=\"https:\/\/martineroffinella.fr\/creations\/wp-content\/uploads\/2022\/09\/Mettray-septembre2022.jpeg 640w, https:\/\/martineroffinella.fr\/creations\/wp-content\/uploads\/2022\/09\/Mettray-septembre2022-300x225.jpeg 300w\" sizes=\"auto, (max-width: 640px) 100vw, 640px\" \/><\/a><\/strong><a href=\"https:\/\/martineroffinella.fr\/creations\/wp-content\/uploads\/2022\/09\/Roffinella-mettray.jpeg\" target=\"_blank\" rel=\"noopener\"><img loading=\"lazy\" decoding=\"async\" class=\"aligncenter wp-image-1793 size-full\" src=\"https:\/\/martineroffinella.fr\/creations\/wp-content\/uploads\/2022\/09\/Roffinella-mettray.jpeg\" alt=\"\" width=\"640\" height=\"480\" srcset=\"https:\/\/martineroffinella.fr\/creations\/wp-content\/uploads\/2022\/09\/Roffinella-mettray.jpeg 640w, https:\/\/martineroffinella.fr\/creations\/wp-content\/uploads\/2022\/09\/Roffinella-mettray-300x225.jpeg 300w\" sizes=\"auto, (max-width: 640px) 100vw, 640px\" \/><\/a><a href=\"https:\/\/martineroffinella.fr\/creations\/wp-content\/uploads\/2022\/09\/RevueMettray-MartineRoffinella.jpeg\" target=\"_blank\" rel=\"noopener\"><img loading=\"lazy\" decoding=\"async\" class=\"aligncenter wp-image-1794 size-full\" src=\"https:\/\/martineroffinella.fr\/creations\/wp-content\/uploads\/2022\/09\/RevueMettray-MartineRoffinella.jpeg\" alt=\"\" width=\"640\" height=\"480\" srcset=\"https:\/\/martineroffinella.fr\/creations\/wp-content\/uploads\/2022\/09\/RevueMettray-MartineRoffinella.jpeg 640w, https:\/\/martineroffinella.fr\/creations\/wp-content\/uploads\/2022\/09\/RevueMettray-MartineRoffinella-300x225.jpeg 300w\" sizes=\"auto, (max-width: 640px) 100vw, 640px\" \/><\/a><\/p>\n<hr \/>\n<p><strong>Bancal, Val\u00e9ry Meynadier \/ 6 janvier 2021 :<\/strong><br \/><a href=\"http:\/\/www.revue-bancal.fr\/revue\/recit-les-hommes-grillages-de-martine-roffinella\/?fbclid=IwAR12KIGLgh3BmzpjzGWv_5wniyCDmAes9E6AZ5IsSI9LEcvBL_8E82ZXVXI\">revue-bancal.fr\/recit-les-hommes-grillages-de-martine-roffinella<\/a><\/p>\n<hr \/>\n<p><strong>D\u00e9charge, n\u00b0 188, Jacques Morin \/ 1er d\u00e9cembre 2020 :<br \/><a href=\"https:\/\/martineroffinella.fr\/creations\/wp-content\/uploads\/2020\/12\/RevueDecharge.png\"><img loading=\"lazy\" decoding=\"async\" class=\"wp-image-1582 aligncenter\" src=\"https:\/\/martineroffinella.fr\/creations\/wp-content\/uploads\/2020\/12\/RevueDecharge.png\" alt=\"\" width=\"531\" height=\"507\" srcset=\"https:\/\/martineroffinella.fr\/creations\/wp-content\/uploads\/2020\/12\/RevueDecharge.png 800w, https:\/\/martineroffinella.fr\/creations\/wp-content\/uploads\/2020\/12\/RevueDecharge-300x286.png 300w, https:\/\/martineroffinella.fr\/creations\/wp-content\/uploads\/2020\/12\/RevueDecharge-768x732.png 768w\" sizes=\"auto, (max-width: 531px) 100vw, 531px\" \/><\/a><\/strong><\/p>\n<hr \/>\n<p><strong>Var Matin \/ 1er octobre 2020 :<br \/><a href=\"https:\/\/martineroffinella.fr\/creations\/wp-content\/uploads\/2020\/10\/Roffinella-Var-Matin-octobre2020.png\"><img loading=\"lazy\" decoding=\"async\" class=\"size-full wp-image-1400 aligncenter\" src=\"https:\/\/martineroffinella.fr\/creations\/wp-content\/uploads\/2020\/10\/Roffinella-Var-Matin-octobre2020.png\" alt=\"\" width=\"537\" height=\"655\" srcset=\"https:\/\/martineroffinella.fr\/creations\/wp-content\/uploads\/2020\/10\/Roffinella-Var-Matin-octobre2020.png 537w, https:\/\/martineroffinella.fr\/creations\/wp-content\/uploads\/2020\/10\/Roffinella-Var-Matin-octobre2020-246x300.png 246w\" sizes=\"auto, (max-width: 537px) 100vw, 537px\" \/><\/a><\/strong><\/p>\n<p><strong>\u00a0<\/strong><\/p>\n<hr \/>\n<p style=\"text-align: left;\"><strong data-rich-text-format-boundary=\"true\">Radio RCJ, Josyane Savigneau \/ 05 mai 2020 :<\/strong><br data-rich-text-line-break=\"true\" \/><a href=\"https:\/\/radiorcj.info\/diffusions\/conservez-comme-vous-aimez-de-martine-roffinella-paru-aux-editions-efb\/\" target=\"_blank\" rel=\"noreferrer noopener\">Conservez-comme-vous-aimez-de-martine-roffinella-paru-aux-editions-efb<\/a><br data-rich-text-line-break=\"true\" \/><em>(une fois sur la page, cliquer sur le picto rouge du haut-parleur pour d\u00e9marrer le podcast)<\/em><\/p>\n<hr \/>\n<p style=\"text-align: left;\"><strong data-rich-text-format-boundary=\"true\">Le Courrier, Anne Pitteloud \/ 9 avril 2020 :<\/strong><br data-rich-text-line-break=\"true\" \/><a href=\"https:\/\/martineroffinella.fr\/wp-content\/uploads\/2020\/04\/LeCourrier-2020.png\" target=\"_blank\" rel=\"noopener noreferrer\"><img loading=\"lazy\" decoding=\"async\" class=\"wp-image-1788 alignleft\" title=\"page 17\" src=\"https:\/\/martineroffinella.fr\/wp-content\/uploads\/2020\/04\/IllustrationpourRe\u0301seaux-300x120.png\" alt=\"\" width=\"288\" height=\"115\" \/><\/a>ou bien <a href=\"https:\/\/lecourrier.ch\/2020\/04\/09\/ecrire-ou-loubli-de-soi\/\" target=\"_blank\" rel=\"noopener noreferrer\"><span style=\"text-decoration: underline;\">l&rsquo;article directement en ligne<\/span><\/a><br \/><em>(sur abonnement)<\/em><\/p>\n<p><span style=\"color: #ffffff;\">&gt;<\/span><\/p>\n<hr \/>\n<p style=\"text-align: left;\"><strong data-rich-text-format-boundary=\"true\">M\u00e9diapart, Fr\u00e9d\u00e9ric<\/strong> <strong>L&rsquo;Helgoualch <\/strong><strong data-rich-text-format-boundary=\"true\">\/ 28 f\u00e9vrier 2020 :<\/strong><br data-rich-text-line-break=\"true\" \/><a href=\"https:\/\/blogs.mediapart.fr\/frederic-lhelgoualch\/blog\/280220\/conservez-comme-vous-aimez-de-martine-roffinella-delire-en-boite?fbclid=IwAR2xbWyetjuQD3Bd6ysQ1T-gpJS3h_W0is00CNLwx_cjbW9Au2GrV6ZeAs0\" target=\"_blank\" rel=\"noreferrer noopener\"><em>Conservez comme vous aimez<\/em> : d\u00e9lire<\/a> <a href=\"https:\/\/blogs.mediapart.fr\/frederic-lhelgoualch\/blog\/280220\/conservez-comme-vous-aimez-de-martine-roffinella-delire-en-boite?fbclid=IwAR2xbWyetjuQD3Bd6ysQ1T-gpJS3h_W0is00CNLwx_cjbW9Au2GrV6ZeAs0\" target=\"_blank\" rel=\"noreferrer noopener\">en<\/a><a href=\"https:\/\/blogs.mediapart.fr\/frederic-lhelgoualch\/blog\/280220\/conservez-comme-vous-aimez-de-martine-roffinella-delire-en-boite?fbclid=IwAR2xbWyetjuQD3Bd6ysQ1T-gpJS3h_W0is00CNLwx_cjbW9Au2GrV6ZeAs0\" target=\"_blank\" rel=\"noreferrer noopener\"> bo\u00eete<\/a><\/p>\n<hr \/>\n<p style=\"text-align: left;\"><strong>Var Matin \/ 17 f\u00e9vrier 2020 :<br \/><a href=\"https:\/\/martineroffinella.fr\/creations\/wp-content\/uploads\/2025\/03\/VarMatin-1702-2020.png\" target=\"_blank\" rel=\"noopener\"><img loading=\"lazy\" decoding=\"async\" class=\"alignnone wp-image-2246 size-full\" src=\"https:\/\/martineroffinella.fr\/creations\/wp-content\/uploads\/2025\/03\/VarMatin-1702-2020.png\" alt=\"\" width=\"409\" height=\"656\" srcset=\"https:\/\/martineroffinella.fr\/creations\/wp-content\/uploads\/2025\/03\/VarMatin-1702-2020.png 409w, https:\/\/martineroffinella.fr\/creations\/wp-content\/uploads\/2025\/03\/VarMatin-1702-2020-187x300.png 187w\" sizes=\"auto, (max-width: 409px) 100vw, 409px\" \/><\/a><br \/><\/strong><\/p>\n<hr \/>\n<p style=\"text-align: left;\"><strong>Radio TriageFM, \u00c9rik Poulet-Reney \/ 16 f\u00e9vrier 2020 :<br \/><\/strong><a href=\"https:\/\/martineroffinella.fr\/creations\/wp-content\/uploads\/2025\/03\/TRIAGE-ChroniquedeE.Poulet-FEV2020.png\" target=\"_blank\" rel=\"noopener\"><img loading=\"lazy\" decoding=\"async\" class=\"alignnone wp-image-336 size-full\" src=\"https:\/\/martineroffinella.fr\/creations\/wp-content\/uploads\/2020\/05\/Triagelogo-300x55-1.png\" alt=\"\" width=\"300\" height=\"55\" \/><\/a><br \/>(Cliquez pour lire la transcription.)<\/p>\n<hr \/>\n<p style=\"text-align: left;\"><strong>France Bleu Mayenne \/ 6 f\u00e9vrier 2020 :<\/strong><br \/><a href=\"https:\/\/www.francebleu.fr\/infos\/culture-loisirs\/martine-roffinella-1572687809\" target=\"_blank\" rel=\"noopener noreferrer\">Les hommes grillag\u00e9s<\/a><\/p>\n<hr \/>\n<p><strong>Radio TriageFM, \u00c9rik Poulet-Reney \/ 23 novembre 2019 :<br \/><a href=\"https:\/\/martineroffinella.fr\/wp-content\/uploads\/2019\/11\/semaine-47\" target=\"_blank\" rel=\"noopener\"><img loading=\"lazy\" decoding=\"async\" class=\"alignnone wp-image-336 size-full\" src=\"https:\/\/martineroffinella.fr\/creations\/wp-content\/uploads\/2020\/05\/Triagelogo-300x55-1.png\" alt=\"\" width=\"300\" height=\"55\" \/><\/a><\/strong><\/p>\n<p><span style=\"color: #ffffff;\">.<\/span><\/p>\n<hr \/>\n<p><strong>Var Matin \/ 9 octobre 2019 :<\/strong><\/p>\n<p><img loading=\"lazy\" decoding=\"async\" class=\"alignnone size-full wp-image-2247\" src=\"https:\/\/martineroffinella.fr\/creations\/wp-content\/uploads\/2025\/03\/VarMatin-Merveille-9octobre2019.png\" alt=\"\" width=\"422\" height=\"914\" srcset=\"https:\/\/martineroffinella.fr\/creations\/wp-content\/uploads\/2025\/03\/VarMatin-Merveille-9octobre2019.png 422w, https:\/\/martineroffinella.fr\/creations\/wp-content\/uploads\/2025\/03\/VarMatin-Merveille-9octobre2019-139x300.png 139w\" sizes=\"auto, (max-width: 422px) 100vw, 422px\" \/><\/p>\n<hr \/>\n<p><strong>Radio TriageFM, \u00c9rik Poulet-Reney \/ 16 septembre 2019 :<\/strong><\/p>\n<p><a href=\"https:\/\/martineroffinella.fr\/creations\/wp-content\/uploads\/2025\/03\/ChroniqueRadio-SEPT2019.pdf\" target=\"_blank\" rel=\"noopener\"><img loading=\"lazy\" decoding=\"async\" class=\"alignnone wp-image-336 size-full\" src=\"https:\/\/martineroffinella.fr\/creations\/wp-content\/uploads\/2020\/05\/Triagelogo-300x55-1.png\" alt=\"\" width=\"300\" height=\"55\" \/><\/a><\/p>\n<hr \/>\n<p><strong>Var Matin \/ 17 f\u00e9vrier 2019 :<\/strong><\/p>\n<p><a href=\"https:\/\/martineroffinella.fr\/creations\/wp-content\/uploads\/2025\/03\/VarMatinJanvier2019.png\" target=\"_blank\" rel=\"noopener\"><img loading=\"lazy\" decoding=\"async\" class=\"alignnone wp-image-2248 size-full\" src=\"https:\/\/martineroffinella.fr\/creations\/wp-content\/uploads\/2025\/03\/VarMatin2019-1.png\" alt=\"\" width=\"300\" height=\"437\" srcset=\"https:\/\/martineroffinella.fr\/creations\/wp-content\/uploads\/2025\/03\/VarMatin2019-1.png 300w, https:\/\/martineroffinella.fr\/creations\/wp-content\/uploads\/2025\/03\/VarMatin2019-1-206x300.png 206w\" sizes=\"auto, (max-width: 300px) 100vw, 300px\" \/><\/a><\/p>\n<hr \/>\n<p><strong>Radio TriageFM, \u00c9rik Poulet-Reney \/ 26 janvier 2019 :<\/strong><\/p>\n<p><img loading=\"lazy\" decoding=\"async\" class=\"alignnone size-full wp-image-336\" src=\"https:\/\/martineroffinella.fr\/creations\/wp-content\/uploads\/2020\/05\/Triagelogo-300x55-1.png\" alt=\"\" width=\"300\" height=\"55\" \/><\/p>\n<hr \/>\n<p><strong>Radio TriageFM, \u00c9rik Poulet-Reney \/ 17 novembre 2018 :<br \/><\/strong><\/p>\n<p><img loading=\"lazy\" decoding=\"async\" class=\"alignnone size-full wp-image-336\" src=\"https:\/\/martineroffinella.fr\/creations\/wp-content\/uploads\/2020\/05\/Triagelogo-300x55-1.png\" alt=\"\" width=\"300\" height=\"55\" \/><\/p>\n<p><span style=\"color: #ffffff;\">.<\/span><\/p>\n<hr \/>\n<p><strong>Var Matin \/ 30 octobre 2018 :<\/strong><\/p>\n<p><a href=\"https:\/\/martineroffinella.fr\/creations\/wp-content\/uploads\/2025\/03\/kgvarmatin11-18_1_orig.jpg\" target=\"_blank\" rel=\"noopener\"><img loading=\"lazy\" decoding=\"async\" class=\"alignnone wp-image-2227 size-full\" src=\"https:\/\/martineroffinella.fr\/creations\/wp-content\/uploads\/2025\/03\/kgvarmatin11-18_1_orig.jpg\" alt=\"\" width=\"1083\" height=\"1011\" srcset=\"https:\/\/martineroffinella.fr\/creations\/wp-content\/uploads\/2025\/03\/kgvarmatin11-18_1_orig.jpg 1083w, https:\/\/martineroffinella.fr\/creations\/wp-content\/uploads\/2025\/03\/kgvarmatin11-18_1_orig-300x280.jpg 300w, https:\/\/martineroffinella.fr\/creations\/wp-content\/uploads\/2025\/03\/kgvarmatin11-18_1_orig-1024x956.jpg 1024w, https:\/\/martineroffinella.fr\/creations\/wp-content\/uploads\/2025\/03\/kgvarmatin11-18_1_orig-768x717.jpg 768w\" sizes=\"auto, (max-width: 1083px) 100vw, 1083px\" \/><\/a><\/p>\n<hr \/>\n<p><strong>Le Monde des Religions \/ sept-oct. 2018 :<br \/><\/strong><a href=\"https:\/\/martineroffinella.fr\/creations\/wp-content\/uploads\/2025\/03\/LeMdesR.png\" target=\"_blank\" rel=\"noopener noreferrer\"><img loading=\"lazy\" decoding=\"async\" class=\"alignnone\" title=\"Cliquer pour lire\" src=\"https:\/\/martineroffinella.fr\/creations\/wp-content\/uploads\/2020\/07\/MondeReligionMartineRoffinella-300x196-1.png\" alt=\"\" width=\"301\" height=\"197\" \/><\/a><\/p>\n<hr \/>\n<div>\n<p><strong>L\u2019Express, \u00e0 propos du hashtag #nipapenipsychiatre \/ 29 ao\u00fbt 2018 :<\/strong><br \/>\u201c<a href=\"https:\/\/www.lexpress.fr\/actualite\/societe\/martine-forcee-a-consulter-un-psychiatre-a-17-ans-pour-guerir-de-son-homosexualite_2032810.html\" target=\"_blank\" rel=\"noopener noreferrer\">Martine, forc\u00e9e \u00e0 consulter un psychiatre \u00e0 17 ans pour gu\u00e9rir de son homosexualit\u00e9<\/a>\u201d<\/p>\n<hr \/>\n<p><strong>Le Monde des Religions \/ 22 ao\u00fbt 2018 :<\/strong><br \/><a href=\"http:\/\/www.lemondedesreligions.fr\/papier\/2018\/91\/j-c-et-moi-se-creer-d-amour-par-martine-roffinella-22-08-2018-7450_244.php\" target=\"_blank\" rel=\"noopener noreferrer\">J. C. et moi, se cr\u00e9er d\u2019amour, par martine roffinella<\/a><\/p>\n<hr \/>\n<p><strong>M\u00e9diapart, Fr\u00e9d\u00e9ric L\u2019Helgoualch \/ 1er janvier 2018 :<\/strong><br \/><a href=\"https:\/\/blogs.mediapart.fr\/frederic-lhelgoualch\/blog\/010818\/limpersonne-martine-roffinella-lalcool-et-les-meurtrissures-perennes-de-lame\" target=\"_blank\" rel=\"noopener noreferrer\">\u2018L\u2019Impersonne\u2019. Martine Roffinella, l\u2019alcool et les meurtrissures p\u00e9rennes de l\u2019\u00e2me<\/a><\/p>\n<hr \/>\n<p><strong>Radio IdFM98, Jo\u00eblle Verain \/ 11 juin 2018 :<br \/><\/strong>\u00e9mission Au-del\u00e0 du miroir.<br \/><strong><iframe loading=\"lazy\" src=\"\/\/www.youtube.com\/embed\/v4qQxHfRbwk\" width=\"560\" height=\"314\" allowfullscreen=\"allowfullscreen\"><\/iframe><\/strong><\/p>\n<p><strong>\u00a0<\/strong><\/p>\n<hr \/>\n<p><strong>Var Matin \/ 18 janvier 2018 :<\/strong><\/p>\n<p><img loading=\"lazy\" decoding=\"async\" class=\"alignnone size-full wp-image-2244\" src=\"https:\/\/martineroffinella.fr\/creations\/wp-content\/uploads\/2025\/03\/Article-Var-Matin-1.jpeg\" alt=\"\" width=\"538\" height=\"640\" srcset=\"https:\/\/martineroffinella.fr\/creations\/wp-content\/uploads\/2025\/03\/Article-Var-Matin-1.jpeg 538w, https:\/\/martineroffinella.fr\/creations\/wp-content\/uploads\/2025\/03\/Article-Var-Matin-1-252x300.jpeg 252w\" sizes=\"auto, (max-width: 538px) 100vw, 538px\" \/><\/p>\n<hr \/>\n<div><strong>Cultur\u2019elles, Caroline Doudet \/ 06 f\u00e9vrier 2018 :<\/strong><br \/><a href=\"https:\/\/leschroniquesculturelles.com\/2018\/02\/06\/camisole-moi-de-martine-roffinella\/\" target=\"_blank\" rel=\"noopener noreferrer\">Camisole-moi, de Martine Roffinella<\/a><\/div>\n<\/div>\n<div>\u00a0<\/div>\n<div>\u00a0<\/div>\n<div>\n<div>\n<hr \/><\/div>\n<\/div>\n<div><strong>Marie-Claire <\/strong><strong data-rich-text-format-boundary=\"true\">\/ 30 mai 2017 :<br \/><a href=\"http:\/\/www.marieclaire.fr\/prix-marie-claire-du-roman-feminin-2017,1137678.asp\" target=\"_blank\" rel=\"noreferrer noopener\">Finalistes du Prix Marie-Claire <\/a><br \/><\/strong><\/div>\n<div>\u00a0<\/div>\n<div><img decoding=\"async\" src=\"https:\/\/martineroffinella.fr\/creations\/wp-content\/uploads\/2020\/08\/Marie-Claire-2017.png\" \/><\/div>\n<div>\u00a0<\/div>\n<div>\u00a0<\/div>\n<div>\n<hr \/><\/div>\n<div><strong data-rich-text-format-boundary=\"true\">Luxsure, \u00c9lisa Palmer<\/strong> <strong>\/ 07 mars 2017 :<\/strong><br data-rich-text-line-break=\"true\" \/><a href=\"https:\/\/www.luxsure.fr\/2017\/03\/07\/conversation-martine-roffinella-autour-de-limpersonne\/\" target=\"_blank\" rel=\"noreferrer noopener\">Conversation avec Martine Roffinella autour del&rsquo;Impersonne<\/a><\/div>\n<div>\u00a0<\/div>\n<div>\u00a0<\/div>\n<div>\n<hr \/><\/div>\n<div>\u00a0<\/div>\n<div><strong data-rich-text-format-boundary=\"true\">L&rsquo;Yonne r\u00e9publicaine<\/strong> <strong>\/ 25 f\u00e9vrier 2017 :<\/strong><\/div>\n<div><img decoding=\"async\" src=\"https:\/\/martineroffinella.fr\/creations\/wp-content\/uploads\/2020\/08\/LYonne.png\" \/><\/div>\n<div>\u00a0<\/div>\n<div>\u00a0<\/div>\n<div>\n<hr \/><\/div>\n<div><strong>L<\/strong><strong>e Courrier, Anne Pitteloud \/ 17 f\u00e9vrier 2017<\/strong><br data-rich-text-line-break=\"true\" \/><a href=\"http:\/\/annepitteloud.dosi.ch\/index.php\/critiques\/576-roffinella-martine-l-impersonne-rien-entre-nous-et-sang-fille\" target=\"_blank\" rel=\"noreferrer noopener\">Au bout de la nuit<\/a><\/div>\n<div>\u00a0<\/div>\n<div>\u00a0<\/div>\n<div>\n<hr \/><\/div>\n<div><strong data-rich-text-format-boundary=\"true\">France Culture, Augustin Trapenard<\/strong> <strong>\/ 13 avril 2013 : <\/strong><br data-rich-text-line-break=\"true\" \/>\u00e9mission <a href=\"https:\/\/www.franceculture.fr\/emissions\/le-carnet-dor\/page-78-gay\" target=\"_blank\" rel=\"noreferrer noopener\">Le Carnet d&rsquo;Or<\/a><\/div>\n<div>\u00a0<\/div>\n<div>\u00a0<\/div>\n<div>\n<hr \/><\/div>\n<div><strong>France Culture, Arnaud Laporte \/ 27 octobre 2005 :<\/strong><br data-rich-text-line-break=\"true\" \/>\u00e9mission <a href=\"https:\/\/www.franceculture.fr\/emissions\/tout-arrive\/litterature-weyergans-roffinella\" target=\"_blank\" rel=\"noreferrer noopener\">Tout Arrive !<\/a><\/div>\n<div>\u00a0<\/div>\n<div>\u00a0<\/div>\n<div>\n<hr \/><strong>Le Monde, Pierre-Robert Leclerq \/ 9 avril 1999 :<\/strong><br \/><a href=\"https:\/\/www.lemonde.fr\/archives\/article\/1999\/04\/09\/mise-a-nu-de-martine-roffinella_3557105_1819218.html\" target=\"_blank\" rel=\"noopener noreferrer\">Mise \u00e0 nu, de Martine Roffinella<\/a><\/div>\n<div>\u00a0<\/div>\n<div>\u00a0<\/div>\n<div>\n<hr \/><\/div>\n<div><strong data-rich-text-format-boundary=\"true\">France 2, Bernard Pivot \/ 06 mai 1988 <\/strong><br data-rich-text-line-break=\"true\" \/>\u00e9mission <a href=\"https:\/\/madelen.ina.fr\/programme\/ils-debutent-et-ils-sont-jeunes\" target=\"_blank\" rel=\"noreferrer noopener\">Apostrophes<\/a><\/div>\n<div>\u00a0<\/div>\n<div>\u00a0<\/div>\n<\/div>\n\n\n\n<div class=\"wp-block-column is-layout-flow wp-block-column-is-layout-flow\">\n<h2 class=\"wp-block-heading\"><span class=\"tadv-background-color\" style=\"background-color:#ededdc\"><span class=\"tadv-color\" style=\"color:#ad2e72\"> <\/span><span class=\"tadv-color\" style=\"color:#5f5e5e\">Blogs-Sites-R\u00e9seaux<\/span>                <\/span><\/h2>\n\n\n\n<p class=\"has-medium-font-size\"><em><span class=\"tadv-background-color\" style=\"background-color:#ededdc\"><span class=\"tadv-color\" style=\"color:#5f5e5e\">chroniques en ligne et autres petits mots<\/span><\/span><\/em><\/p>\n\n\n\n<div style=\"height:50px\" aria-hidden=\"true\" class=\"wp-block-spacer\"><\/div>\n\n\n\n<p><strong>Tr\u00e8s long article de Assia B. paru dans le journal en ligne \u00ab\u00a0Alg\u00e9rie Nomades\u00a0\u00bb \/ 25 f\u00e9vrier 2026 :<\/strong><\/p>\n\n\n\n<p><a href=\"https:\/\/algerienomades.com\/eclatilles-martine-roffinella\">https:\/\/algerienomades.com\/eclatilles-martine-roffinella<\/a><\/p>\n\n\n\n<div style=\"height:20px\" aria-hidden=\"true\" class=\"wp-block-spacer\"><\/div>\n\n\n\n<hr class=\"wp-block-separator has-alpha-channel-opacity\"\/>\n\n\n\n<p><strong>Magnifique article de Brahim Saci paru dans le journal en ligne \u00ab\u00a0Diasporadz\u00a0\u00bb \/ 24 f\u00e9vrier 2026 :<\/strong><\/p>\n\n\n\n<p><a href=\"https:\/\/www.diasporadz.com\/eclatilles-de-martine-roffinella-eclats-detre-et-fragments-de-survie\/?fbclid=IwdGRjcAQKyhFjbGNrBArKC2V4dG4DYWVtAjExAHNydGMGYXBwX2lkDDM1MDY4NTUzMTcyOAABHkGT2d8zoDwwtL1hI-kL0GOMJXVZCqtVn8GcUsPU1Gmm2pwOt0oNLWoZQUGk_aem_GZxLhxbrJiaqa_xE0BPKpA\" target=\"_blank\" rel=\"noreferrer noopener\">https:\/\/www.diasporadz.com\/eclatilles-de-martine-roffinella-eclats-detre-et-fragments-de-survie\/<\/a><\/p>\n\n\n\n<figure class=\"wp-block-image size-full\"><img loading=\"lazy\" decoding=\"async\" width=\"591\" height=\"468\" src=\"https:\/\/martineroffinella.fr\/creations\/wp-content\/uploads\/2026\/02\/visuelDiasporaDZ.png\" alt=\"\" class=\"wp-image-2405\" srcset=\"https:\/\/martineroffinella.fr\/creations\/wp-content\/uploads\/2026\/02\/visuelDiasporaDZ.png 591w, https:\/\/martineroffinella.fr\/creations\/wp-content\/uploads\/2026\/02\/visuelDiasporaDZ-300x238.png 300w\" sizes=\"auto, (max-width: 591px) 100vw, 591px\" \/><\/figure>\n\n\n\n<div style=\"height:20px\" aria-hidden=\"true\" class=\"wp-block-spacer\"><\/div>\n\n\n\n<hr class=\"wp-block-separator has-alpha-channel-opacity\"\/>\n\n\n\n<p><strong>Merci \u00e0 Nicolas Gary pour son article \u00e0 propos de <strong><em>\u00c9clatilles<\/em><\/strong>, dans \u00ab\u00a0Actualitt\u00e9\u00a0\u00bb \/ 17 f\u00e9vrier 2026 :<\/strong><\/p>\n\n\n\n<p><a href=\"https:\/\/actualitte.com\/article\/129339\/chroniques\/eclatilles-une-poesie-de-force-et-de-radicalite\">https:\/\/actualitte.com\/article\/129339\/chroniques\/eclatilles-une-poesie-de-force-et-de-radicalite<\/a><\/p>\n\n\n\n<div style=\"height:20px\" aria-hidden=\"true\" class=\"wp-block-spacer\"><\/div>\n\n\n\n<hr class=\"wp-block-separator has-alpha-channel-opacity\"\/>\n\n\n\n<p><strong>Merci au m\u00e9dia \u00ab\u00a0Souffle in\u00e9dit\u00a0\u00bb pour sa belle interview autour de mon livre de po\u00e9sie <em>\u00c9clatilles<\/em> \/ 28 janvier 2026 :<\/strong><\/p>\n\n\n\n<p><a href=\"https:\/\/souffleinedit.com\/poesie\/martine-roffinella-entretien-ecriture\" target=\"_blank\" rel=\"noreferrer noopener\">https:\/\/souffleinedit.com\/poesie\/martine-roffinella-entretien-ecriture<\/a><\/p>\n\n\n\n<div style=\"height:20px\" aria-hidden=\"true\" class=\"wp-block-spacer\"><\/div>\n\n\n\n<hr class=\"wp-block-separator has-alpha-channel-opacity\"\/>\n\n\n\n<p><strong>Merci \u00e0 Michel Lansade<\/strong> <strong>pour sa chronique \u00e0 propos de mon livre <em>Petites morts \u00e0 p\u00e9age<\/em>  \/ 30 d\u00e9cembre 2025 :<\/strong><\/p>\n\n\n\n<p><a href=\"https:\/\/encres-vagabondes.com\/magazine11\/roffinella2.htm\" target=\"_blank\" rel=\"noreferrer noopener\">https:\/\/encres-vagabondes.com\/magazine11\/roffinella2.htm<\/a><\/p>\n\n\n\n<div style=\"height:20px\" aria-hidden=\"true\" class=\"wp-block-spacer\"><\/div>\n\n\n\n<hr class=\"wp-block-separator has-alpha-channel-opacity\"\/>\n\n\n\n<p><strong>Merci \u00e0 Jean-Paul Gavard-Perret pour sa chronique \u00e0 propos de mon nouveau livre en parution \/ 10 septembre 2025 :<\/strong><\/p>\n\n\n\n<p><a href=\"https:\/\/www.lelitteraire.com\/martine-roffinella-petites-morts-a-peage\">https:\/\/www.lelitteraire.com\/martine-roffinella-petites-morts-a-peage<\/a><\/p>\n\n\n\n<div style=\"height:20px\" aria-hidden=\"true\" class=\"wp-block-spacer\"><\/div>\n\n\n\n<hr class=\"wp-block-separator has-alpha-channel-opacity\"\/>\n\n\n\n<p><strong>Merci \u00e0 Am\u00e9lie Nothomb pour sa lettre concernant mon petit livre <em>R\u00e9sister au racisme <\/em>paru en mars dernier \/ avril 2025 :<img loading=\"lazy\" decoding=\"async\" class=\"alignnone wp-image-2313 size-full\" src=\"https:\/\/martineroffinella.fr\/creations\/wp-content\/uploads\/2025\/04\/LETTRE-de-A.-NOTHOMB.jpeg\" alt=\"\" width=\"640\" height=\"480\" srcset=\"https:\/\/martineroffinella.fr\/creations\/wp-content\/uploads\/2025\/04\/LETTRE-de-A.-NOTHOMB.jpeg 640w, https:\/\/martineroffinella.fr\/creations\/wp-content\/uploads\/2025\/04\/LETTRE-de-A.-NOTHOMB-300x225.jpeg 300w\" sizes=\"auto, (max-width: 640px) 100vw, 640px\" \/><br \/><\/strong><\/p>\n\n\n\n<div style=\"height:20px\" aria-hidden=\"true\" class=\"wp-block-spacer\"><\/div>\n\n\n\n<hr class=\"wp-block-separator has-alpha-channel-opacity\"\/>\n\n\n\n<p><strong>Commentaire de Lorraine L\u00e9vy sur X, \u00e0 propos du coup de c\u0153ur des libraires du site Paris Libraire pour <em>Venise Off<\/em> \/ 5 octobre 2024 :<br \/><\/strong><br \/><a href=\"https:\/\/martineroffinella.fr\/creations\/wp-content\/uploads\/2024\/10\/Avis-Lorraine-Levy.png\"><img loading=\"lazy\" decoding=\"async\" class=\"aligncenter size-medium wp-image-2116\" src=\"https:\/\/martineroffinella.fr\/creations\/wp-content\/uploads\/2024\/10\/Avis-Lorraine-Levy-300x256.png\" alt=\"\" width=\"300\" height=\"256\" srcset=\"https:\/\/martineroffinella.fr\/creations\/wp-content\/uploads\/2024\/10\/Avis-Lorraine-Levy-300x256.png 300w, https:\/\/martineroffinella.fr\/creations\/wp-content\/uploads\/2024\/10\/Avis-Lorraine-Levy.png 563w\" sizes=\"auto, (max-width: 300px) 100vw, 300px\" \/><\/a><\/p>\n\n\n\n<div style=\"height:17px\" aria-hidden=\"true\" class=\"wp-block-spacer\"><\/div>\n\n\n\n<hr class=\"wp-block-separator has-alpha-channel-opacity\"\/>\n\n\n\n<p class=\"has-custom-color-2-color has-text-color has-link-color wp-elements-7b586fb7e06cbfc1cc83f2c58758ab15\"><strong>Chronique de Guillaume Basquin dans la revue Libr-Critique \/ 5 octobre 2024 :<\/strong> <br><a href=\"https:\/\/urlr.me\/wTJC5\" target=\"_blank\" rel=\"noreferrer noopener\">https:\/\/urlr.me\/wTJC5<\/a><\/p>\n\n\n\n<div style=\"height:30px\" aria-hidden=\"true\" class=\"wp-block-spacer\"><\/div>\n\n\n\n<hr class=\"wp-block-separator has-alpha-channel-opacity\"\/>\n\n\n\n<p><strong>Chronique de Serge Quadruppani dans LundiMatin \/ 18 septembre 2024 :<\/strong><br><a href=\"https:\/\/lundi.am\/Chroniques-sous-morphine-2\" target=\"_blank\" rel=\"noreferrer noopener\">Chroniques sous morphine, 2 <\/a><br><br><\/p>\n\n\n\n<hr class=\"wp-block-separator has-alpha-channel-opacity\"\/>\n\n\n\n<p><strong>Chronique de Jean Claude Bologne \/ mars 2023 :<\/strong><br><a href=\"http:\/\/www.jean-claude-bologne.com\/lectures23.html#sagace\" target=\"_blank\" rel=\"noreferrer noopener\">Le cri de la morue<\/a> <br><\/p>\n\n\n\n<div style=\"height:34px\" aria-hidden=\"true\" class=\"wp-block-spacer\"><\/div>\n\n\n\n<hr class=\"wp-block-separator has-css-opacity\"\/>\n\n\n\n<p><strong>de C\u00e9dric Lalaury sur Twitter \/ 18 et 21 octobre 2022<\/strong> <strong>:<\/strong><\/p>\n\n\n<div class=\"wp-block-image\">\n<figure class=\"alignleft size-full is-resized\"><img loading=\"lazy\" decoding=\"async\" width=\"640\" height=\"408\" src=\"https:\/\/martineroffinella.fr\/creations\/wp-content\/uploads\/2022\/10\/Cri-Morue-Ce\u0301dric-L.png\" alt=\"\" class=\"wp-image-1826\" style=\"width:619px;height:394px\" srcset=\"https:\/\/martineroffinella.fr\/creations\/wp-content\/uploads\/2022\/10\/Cri-Morue-Ce\u0301dric-L.png 640w, https:\/\/martineroffinella.fr\/creations\/wp-content\/uploads\/2022\/10\/Cri-Morue-Ce\u0301dric-L-300x191.png 300w\" sizes=\"auto, (max-width: 640px) 100vw, 640px\" \/><\/figure>\n<\/div>\n\n\n<div style=\"height:34px\" aria-hidden=\"true\" class=\"wp-block-spacer\"><\/div>\n\n\n\n<hr class=\"wp-block-separator has-css-opacity is-style-wide\"\/>\n\n\n\n<p><strong>\u00ab\u00a0Bonnes feuilles\u00a0\u00bb \/ 8 ao\u00fbt 2022 dans Actuallit\u00e9 :<\/strong><br><a rel=\"noreferrer noopener\" href=\"https:\/\/actualitte.com\/article\/107081\/avant-parutions\/les-cloitres-d-aurillac-de-martine-roffinella-une-veillee-qui-dure\" target=\"_blank\">Les Clo\u00eetr\u00e9s d&rsquo;Aurillac de Martine Roffinella : une veill\u00e9e qui dure<\/a><\/p>\n\n\n\n<div style=\"height:34px\" aria-hidden=\"true\" class=\"wp-block-spacer\"><\/div>\n\n\n\n<hr class=\"wp-block-separator has-css-opacity\"\/>\n\n\n\n<p><strong>Chronique de Michaela Ch\u00e2teau<\/strong> <strong>\/ 1er d\u00e9cembre 2020 :<\/strong><br><a href=\"http:\/\/www.chroniques.fee-des-livres.fr\/pour-une-absente\/\" target=\"_blank\" rel=\"noopener noreferrer\"><em>Pour une absente<\/em><\/a><\/p>\n<p>&nbsp;<\/p>\n<hr>\n<p><strong>Re\u00e7u de Mme Bachelot-Narquin, ministre de la Culture, \u00e0 propos du recueil <em>Pour une absente<\/em> \/ Octobre 2020 :<br><a href=\"https:\/\/martineroffinella.fr\/creations\/wp-content\/uploads\/2020\/10\/RB-2020.jpg\" target=\"_blank\" rel=\"noopener noreferrer\"><img loading=\"lazy\" decoding=\"async\" class=\"aligncenter wp-image-1568 size-full\" src=\"https:\/\/martineroffinella.fr\/creations\/wp-content\/uploads\/2020\/10\/RB-2020.jpg\" alt=\"\" width=\"640\" height=\"338\" srcset=\"https:\/\/martineroffinella.fr\/creations\/wp-content\/uploads\/2020\/10\/RB-2020.jpg 640w, https:\/\/martineroffinella.fr\/creations\/wp-content\/uploads\/2020\/10\/RB-2020-300x158.jpg 300w\" sizes=\"auto, (max-width: 640px) 100vw, 640px\" \/><\/a><\/strong><\/p>\n<hr>\n<p><strong>Chronique de Denis Morin \/ 25 septembre 2020 :<\/strong><br><a href=\"https:\/\/denismorinauteur.blogspot.com\/2020\/09\/pour-une-absente-de-martine-roffinella.html?fbclid=IwAR2Yx4swevgbAcOKLR-yiGZuneCBQmHrXyg_eoyJHjlAHYo0dc84-hl31dA\" target=\"_blank\" rel=\"noopener noreferrer\"><em>Pour une absente<\/em> de Martine Roffinella<\/a><\/p>\n<p>&nbsp;<\/p>\n<hr>\n<p><strong>Chronique de Jean Claude Bologne \/ septembre 2020 :<\/strong><br><a href=\"http:\/\/www.jean-claude-bologne.com\/lectures20.html#roffinella2\" target=\"_blank\" rel=\"noopener noreferrer\"><em>Pour une absente<\/em><\/a><\/p>\n<p>&nbsp;<\/p>\n<hr>\n<p><strong>Chronique de Michaela Ch\u00e2teau<\/strong> <strong>\/ 14 septembre 2020 :<\/strong><br><a href=\"http:\/\/www.chroniques.fee-des-livres.fr\/conservez-comme-vous-aimez\/\" target=\"_blank\" rel=\"noopener noreferrer\"><em>Conservez comme vous aimez<\/em><\/a><\/p>\n<p>&nbsp;<\/p>\n<hr>\n<p><strong>lacauselitteraire.com, Jean-Paul Gavard-Perret \/ 22 juin 2020 :<\/strong><br><a href=\"http:\/\/www.lacauselitteraire.fr\/conservez-comme-vous-aimez-martine-roffinella-par-jean-paul-gavard-perret\" target=\"_blank\" rel=\"noopener noreferrer\"><em>Conservez comme vous aimez<\/em>, Martine Roffinella<\/a><\/p>\n<p>&nbsp;<\/p>\n<hr>\n<p style=\"text-align: left;\"><strong>Lecture de <em>Sang Fille<\/em> par Ph. Bouret \/ 11 mai 2020 :<\/strong><br><iframe loading=\"lazy\" src=\"\/\/www.youtube.com\/embed\/QphkcMiEfU4\" allowfullscreen=\"allowfullscreen\" width=\"560\" height=\"314\"><\/iframe><\/p>\n<p>&nbsp;<\/p>\n<hr>\n<div style=\"text-align: left;\"><strong>Chronique de Jean Claude Bologne \/ 19 f\u00e9vrier 2020 :<\/strong><br><a href=\"http:\/\/www.jean-claude-bologne.com\/lectures20.html#roffinella\" target=\"_blank\" rel=\"noopener noreferrer\"><em>Conservez comme vous aimez<\/em><\/a><\/div>\n<p><br><br><\/p>\n<hr>\n<p><strong>Collection de livres, Henri-Charles Dahlem \/ 10 f\u00e9vrier 2020 :<\/strong><br><a href=\"https:\/\/collectiondelivres.wordpress.com\/2020\/02\/10\/conservez-comme-vous-aimez\/\" target=\"_blank\" rel=\"noopener noreferrer\">De l&rsquo;utilit\u00e9 des bo\u00eetes en plastique<\/a><\/p>\n<p>&nbsp;<\/p>\n<hr>\n<p><strong>Chronique de Denis Morin \/ 6 f\u00e9vrier 2020 :<\/strong><br><a href=\"https:\/\/denismorinauteur.blogspot.com\/2020\/02\/conservez-comme-vous-aimez-de-martine.html\" target=\"_blank\" rel=\"noopener noreferrer\"><em>Conservez comme vous aimez<\/em>, de Martine Roffinella<\/a><\/p>\n<p>&nbsp;<\/p>\n<hr>\n<div><strong>Chronique de Jean Claude Bologne \/ 4 novembre 2019 :<\/strong><\/div>\n<div><a href=\"http:\/\/www.jean-claude-bologne.com\/lectures19.html#roffinella2\" target=\"_blank\" rel=\"noopener noreferrer\"><em>Les hommes grillag\u00e9s<\/em><\/a><\/div>\n<div>&nbsp;<\/div>\n<div>&nbsp;<\/div>\n<div>&nbsp;<\/div>\n<div><hr><\/div>\n<div>\n<p><strong>Chronique de Denis Morin \/ 25 octobre 2019 :<\/strong><br><a href=\"https:\/\/denismorinauteur.blogspot.com\/2019\/10\/les-hommes-grillages-de-martine.html\" target=\"_blank\" rel=\"noopener noreferrer\"><em>Les hommes grillag\u00e9s<\/em> de Martine Roffinella<\/a><\/p>\n<p>&nbsp;<\/p>\n<hr>\n<p><strong>\u00c0 deux doigts du clavier \/ 25 octobre 2019 :<\/strong><br><a href=\"https:\/\/auboutduclavier.wordpress.com\/2019\/10\/25\/les-hommes-grillages\/\" target=\"_blank\" rel=\"noopener noreferrer\"><em>Les hommes grillag\u00e9s<\/em><\/a><\/p>\n<p>&nbsp;<\/p>\n<\/div>\n<hr>\n<p><strong>lelitteraire.com<\/strong> <strong>\/ 21 octobre 2019 :<\/strong><br data-rich-text-line-break=\"true\"><a href=\"http:\/\/www.lelitteraire.com\/?p=53444\" target=\"_blank\" rel=\"noreferrer noopener\">Martine Roffinella, le m\u00e9tier de vivre : entretien avec l&rsquo;auteure (<em>Sang Fille)<\/em><\/a><\/p>\n<p>&nbsp;<\/p>\n<hr>\n<div>\n<p><strong>lintern@ute.com, Jean-Paul Gavard-Perret<\/strong> <strong>\/ 20 octobre 2019 :<\/strong><br><a href=\"http:\/\/salon-litteraire.linternaute.com\/fr\/r-cit\/review\/1949767-martine-roffinella-un-peu-de-soleil-derriere-les-barreaux\" target=\"_blank\" rel=\"noopener noreferrer\">Martine Roffinella : un peu de soleil derri\u00e8re les barreaux<\/a><\/p>\n<p>&nbsp;<\/p>\n<hr>\n<p><strong>Chronique de Michaela Ch\u00e2teau<\/strong> <strong>\/ 20 octobre 2019 :<\/strong><br><a href=\"http:\/\/www.chroniques.fee-des-livres.fr\/les-hommes-grillages\/\" target=\"_blank\" rel=\"noopener noreferrer\">Roffinella (Martine), <em>Les hommes grillag\u00e9s<\/em>, H&amp;O, 2019<\/a><\/p>\n<p>&nbsp;<\/p>\n<hr>\n<p><strong>lelitteraire.com \/ 20 octobre 2019 :<\/strong><br><a href=\"http:\/\/www.lelitteraire.com\/?p=53402\" target=\"_blank\" rel=\"noopener noreferrer\">Martine Roffinella, <em>Sang Fille<\/em><\/a><\/p>\n<\/div>\n<div>\n<p>&nbsp;<\/p>\n<hr>\n<div><strong>Chronique de Denis Morin \/ 11 septembre 2019 :<\/strong><\/div>\n<div><a href=\"https:\/\/denismorinauteur.blogspot.com\/2019\/09\/merveille-au-mans.html\" target=\"_blank\" rel=\"noopener noreferrer\"><em>Merveille au Mans<\/em><\/a><\/div>\n<\/div>\n<div>&nbsp;<\/div>\n<div>&nbsp;<\/div>\n<div>&nbsp;<\/div>\n<div>\n<div><hr><\/div>\n<div><strong>Chronique de Jean Claude Bologne \/ 1er septembre 2019 :<\/strong><\/div>\n<div><a href=\"http:\/\/www.jean-claude-bologne.com\/lectures19.html#roffi\" target=\"_blank\" rel=\"noopener noreferrer\">Martine Roffinella, <em>Merveille au Mans<\/em>, Les Lettres Mouchet\u00e9es, 2019<\/a><\/div>\n<\/div>\n<div>&nbsp;<\/div>\n<div>&nbsp;<\/div>\n<div>&nbsp;<\/div>\n<div>\n<div><hr><\/div>\n<div>\n<div>\n<p><strong>Chronique de Michaela Ch\u00e2teau \/ 1er septembre 2019 :<\/strong><br><a href=\"http:\/\/www.chroniques.fee-des-livres.fr\/merveille-au-mans\/\" target=\"_blank\" rel=\"noopener noreferrer\">Roffinella (Martine), <em>Merveille au Mans<\/em>, Les Lettres Mouchet\u00e9es, 2019<\/a><\/p>\n<p>&nbsp;<\/p>\n<hr>\n<p><strong>Chronique de Michaela Ch\u00e2teau<\/strong> <strong>\/ 4 ao\u00fbt 2019 :<\/strong><br><a href=\"http:\/\/www.chroniques.fee-des-livres.fr\/kilogramme-zero\/\" target=\"_blank\" rel=\"noopener noreferrer\"><em>Kilogramme Z\u00e9ro<\/em><\/a><\/p>\n<p>&nbsp;<\/p>\n<hr>\n<p><strong>Chronique de Michaela Ch\u00e2teau<\/strong> <strong>\/ 12 mai 2019 :<\/strong><br><a href=\"http:\/\/www.chroniques.fee-des-livres.fr\/sang-fille\/\" target=\"_blank\" rel=\"noopener noreferrer\"><em>Sang Fille<\/em><\/a><\/p>\n<p>&nbsp;<\/p>\n<hr>\n<p><strong>Chronique de Denis Morin \/ 16 avril 2019 :<\/strong><br><a href=\"https:\/\/denismorinauteur.blogspot.com\/2019\/04\/elle-de-martine-roffinella.html\" target=\"_blank\" rel=\"noopener noreferrer\"><em>Elle<\/em>,&nbsp; de Martine Roffinella<\/a><\/p>\n<p>&nbsp;<\/p>\n<hr>\n<p><strong>Chronique de Denis Morin \/ 6 mars 2019 :<\/strong><br><a href=\"https:\/\/denismorinauteur.blogspot.com\/2019\/03\/entretien-avec-martine-roffinella.html\" target=\"_blank\" rel=\"noopener noreferrer\">Entretien avec Martine Roffinella<\/a><\/p>\n<p>&nbsp;<\/p>\n<hr>\n<p><strong>Chronique de Jean Claude Bologne \/ 28 janvier 2019 :<\/strong><br><a href=\"http:\/\/www.jean-claude-bologne.com\/lectures19.html#roffinella\" target=\"_blank\" rel=\"noopener noreferrer\">#roffinella<\/a><\/p>\n<p>&nbsp;<\/p>\n<hr>\n<div>\n<p><strong>Chronique de Denis Morin \/ 25 janvier 2019 :<\/strong><br><a href=\"https:\/\/denismorinauteur.blogspot.com\/2019\/01\/kilogramme-zero-de-martine-roffinella.html\" target=\"_blank\" rel=\"noopener noreferrer\"><em>Kilogramme Z\u00e9ro<\/em> de Martine Roffinella<\/a><\/p>\n<p>&nbsp;<\/p>\n<hr>\n<p><strong>Chronique de Camille Sorel \/ 21 janvier 2019 :<\/strong><br><a href=\"https:\/\/sorelcamille.wordpress.com\/2019\/01\/19\/lesbian-cougar-story\/\" target=\"_blank\" rel=\"noopener noreferrer\">lesbian-cougar-story<\/a><\/p>\n<p>&nbsp;<\/p>\n<hr>\n<div>\n<p><strong>Chronique de Denis Morin \/ 15 janvier 2019 :<\/strong><br><a href=\"https:\/\/denismorinauteur.blogspot.com\/2019\/01\/martine-roffinella-quelle-ecrivaine.html\" target=\"_blank\" rel=\"noopener noreferrer\">Martine Roffinella quelle \u00e9crivaine<\/a><\/p>\n<p>&nbsp;<\/p>\n<hr>\n<p><strong>Chronique de Michaela Chateaux \/ 11 janvier 2019 :<\/strong><br><a href=\"http:\/\/www.chroniques.fee-des-livres.fr\/lesbian-cougar-story\/\" target=\"_blank\" rel=\"noopener noreferrer\">Lesbian-cougar-story<\/a><\/p>\n<p>&nbsp;<\/p>\n<hr>\n<p><strong>Toute la culture \/ 8 janvier 2019 :<\/strong><br><a href=\"https:\/\/toutelaculture.com\/livres\/fictions\/lesbian-cougar-story-sexe-sentiments-et-difference-dage-par-martine-roffinella\/\" target=\"_blank\" rel=\"noopener noreferrer\">Lesbian cougar story : sexe, sentiments et diff\u00e9rence d\u2019\u00e2ge par Martine Roffinella<\/a><\/p>\n<p>&nbsp;<\/p>\n<hr>\n<p><strong>Chronique de Denis Morin \/ 8 d\u00e9cembre 2018 :<\/strong><br><a href=\"https:\/\/denismorinauteur.blogspot.com\/2018\/12\/camisole-moi-de-martine-roffinella.html\" target=\"_blank\" rel=\"noopener noreferrer\">Camisole-moi de Martine Roffinella<\/a><\/p>\n<p>&nbsp;<\/p>\n<hr>\n<p><strong>Dans la biblioth\u00e8que de Michaela Ch\u00e2teaux \/ 6 d\u00e9cembre 2018 :<\/strong><br><a href=\"http:\/\/www.chroniques.fee-des-livres.fr\/camisole-moi\/\" target=\"_blank\" rel=\"noopener noreferrer\">Camisole-moi<\/a><\/p>\n<p>&nbsp;<\/p>\n<hr>\n<p><strong>Chronique de Michaela Chateaux \/ 23 novembre 2018 :<\/strong><br><a href=\"http:\/\/www.chroniques.fee-des-livres.fr\/elle\/\" target=\"_blank\" rel=\"noopener noreferrer\">Elle<\/a><\/p>\n<p>&nbsp;<\/p>\n<hr>\n<div><strong>Chronique de Jean Claude Bologne \/ octobre 2018 :<\/strong><br><a href=\"http:\/\/www.jean-claude-bologne.com\/lectures18.html#roffi\" target=\"_blank\" rel=\"noopener noreferrer\">Kilogramme z\u00e9ro<\/a><br><br><\/div>\n<div>&nbsp;<\/div>\n<\/div>\n<\/div>\n<\/div>\n<\/div>\n<div>&nbsp;<\/div>\n<div>\n<div>\n<div>\n<div>\n<div><hr><\/div>\n<\/div>\n<\/div>\n<\/div>\n<\/div>\n<\/div>\n<div>\n<div>\n<div>\n<div>\n<div>\n<div>\n<div><strong>Cultur\u2019elles, Caroline Doudet \/ 06 f\u00e9vrier 2018 :<\/strong><\/div>\n<\/div>\n<div>\n<div>\n<div>\n<div><a href=\"https:\/\/leschroniquesculturelles.com\/2018\/02\/06\/camisole-moi-de-martine-roffinella\/\" target=\"_blank\" rel=\"noopener noreferrer\">Camisole-moi, de Martine Roffinella<\/a><\/div>\n<div>&nbsp;<\/div>\n<\/div>\n<\/div>\n<\/div>\n<\/div>\n<\/div>\n<\/div>\n<\/div>\n<\/div>\n<p>&nbsp;<\/p>\n<\/div>\n<\/div>\n","protected":false},"excerpt":{"rendered":"<p>Ils en parlent<\/p>\n","protected":false},"author":1,"featured_media":932,"parent":0,"menu_order":0,"comment_status":"closed","ping_status":"closed","template":"","meta":{"footnotes":""},"class_list":["post-21","page","type-page","status-publish","has-post-thumbnail","hentry"],"_links":{"self":[{"href":"https:\/\/martineroffinella.fr\/creations\/wp-json\/wp\/v2\/pages\/21","targetHints":{"allow":["GET"]}}],"collection":[{"href":"https:\/\/martineroffinella.fr\/creations\/wp-json\/wp\/v2\/pages"}],"about":[{"href":"https:\/\/martineroffinella.fr\/creations\/wp-json\/wp\/v2\/types\/page"}],"author":[{"embeddable":true,"href":"https:\/\/martineroffinella.fr\/creations\/wp-json\/wp\/v2\/users\/1"}],"replies":[{"embeddable":true,"href":"https:\/\/martineroffinella.fr\/creations\/wp-json\/wp\/v2\/comments?post=21"}],"version-history":[{"count":95,"href":"https:\/\/martineroffinella.fr\/creations\/wp-json\/wp\/v2\/pages\/21\/revisions"}],"predecessor-version":[{"id":2410,"href":"https:\/\/martineroffinella.fr\/creations\/wp-json\/wp\/v2\/pages\/21\/revisions\/2410"}],"wp:featuredmedia":[{"embeddable":true,"href":"https:\/\/martineroffinella.fr\/creations\/wp-json\/wp\/v2\/media\/932"}],"wp:attachment":[{"href":"https:\/\/martineroffinella.fr\/creations\/wp-json\/wp\/v2\/media?parent=21"}],"curies":[{"name":"wp","href":"https:\/\/api.w.org\/{rel}","templated":true}]}}